{"version":"1.0","provider_name":"Couriers Go Green","provider_url":"https:\/\/www.green-courier.eu\/","author_name":"tourniss_r8dsokn1","author_url":"https:\/\/www.green-courier.eu\/index.php\/author\/tourniss_r8dsokn1\/","title":"A Modul: Ir\u00e1ny\u00edt\u00e1s - Couriers Go Green","type":"rich","width":600,"height":338,"html":"<blockquote class=\"wp-embedded-content\" data-secret=\"T1V637HDv4\"><a href=\"https:\/\/www.green-courier.eu\/index.php\/lesson\/module-a-3\/\">A Modul: Ir\u00e1ny\u00edt\u00e1s<\/a><\/blockquote><iframe sandbox=\"allow-scripts\" security=\"restricted\" src=\"https:\/\/www.green-courier.eu\/index.php\/lesson\/module-a-3\/embed\/#?secret=T1V637HDv4\" width=\"600\" height=\"338\" title=\"&#8220;A Modul: Ir\u00e1ny\u00edt\u00e1s&#8221; &#8212; Couriers Go Green\" data-secret=\"T1V637HDv4\" frameborder=\"0\" marginwidth=\"0\" marginheight=\"0\" scrolling=\"no\" class=\"wp-embedded-content\"><\/iframe><script>\n\/*! This file is auto-generated *\/\n!function(d,l){\"use strict\";l.querySelector&&d.addEventListener&&\"undefined\"!=typeof URL&&(d.wp=d.wp||{},d.wp.receiveEmbedMessage||(d.wp.receiveEmbedMessage=function(e){var t=e.data;if((t||t.secret||t.message||t.value)&&!\/[^a-zA-Z0-9]\/.test(t.secret)){for(var s,r,n,a=l.querySelectorAll('iframe[data-secret=\"'+t.secret+'\"]'),o=l.querySelectorAll('blockquote[data-secret=\"'+t.secret+'\"]'),c=new RegExp(\"^https?:$\",\"i\"),i=0;i<o.length;i++)o[i].style.display=\"none\";for(i=0;i<a.length;i++)s=a[i],e.source===s.contentWindow&&(s.removeAttribute(\"style\"),\"height\"===t.message?(1e3<(r=parseInt(t.value,10))?r=1e3:~~r<200&&(r=200),s.height=r):\"link\"===t.message&&(r=new URL(s.getAttribute(\"src\")),n=new URL(t.value),c.test(n.protocol))&&n.host===r.host&&l.activeElement===s&&(d.top.location.href=t.value))}},d.addEventListener(\"message\",d.wp.receiveEmbedMessage,!1),l.addEventListener(\"DOMContentLoaded\",function(){for(var e,t,s=l.querySelectorAll(\"iframe.wp-embedded-content\"),r=0;r<s.length;r++)(t=(e=s[r]).getAttribute(\"data-secret\"))||(t=Math.random().toString(36).substring(2,12),e.src+=\"#?secret=\"+t,e.setAttribute(\"data-secret\",t)),e.contentWindow.postMessage({message:\"ready\",secret:t},\"*\")},!1)))}(window,document);\n\/\/# sourceURL=https:\/\/www.green-courier.eu\/wp-includes\/js\/wp-embed.min.js\n<\/script>\n","description":"1. Az Eur\u00f3pai Uni\u00f3 z\u00f6ld v\u00e1roslogisztik\u00e1ra vonatkoz\u00f3 szakpolitik\u00e1ja \u00e9s jogi keretrendszere Modul\u00a0 A. Ir\u00e1ny\u00edt\u00e1s\u00a0 T\u00e9ma\u00a0 1. Az Eur\u00f3pai Uni\u00f3 z\u00f6ld v\u00e1roslogisztik\u00e1ra vonatkoz\u00f3 szakpolitik\u00e1ja \u00e9s jogi keretrendszere C\u00e9l\u00a0 A k\u00f6z\u00f6s nevez\u0151k, c\u00e9lkit\u0171z\u00e9sek \u00e9s priorit\u00e1sok bemutat\u00e1sa \u00e9s elemz\u00e9se a v\u00e1rosi k\u00f6zleked\u00e9s z\u00f6ld ir\u00e1nyba t\u00f6rt\u00e9n\u0151 elmozdul\u00e1s\u00e1val kapcsolatban. Aktu\u00e1lis z\u00f6ld k\u00f6zleked\u00e9spolitikai keretrendszer \u00e1ttekint\u00e9se. \u00datmutat\u00e1s a megl\u00e9v\u0151 jogszab\u00e1lyok \u00e9s szabv\u00e1nyok figyelembev\u00e9tel\u00e9vel a k\u00f6rnyezetbar\u00e1t tev\u00e9kenys\u00e9gekre Tov\u00e1bbi fejleszt\u00e9sek kih\u00edv\u00e1sai A k\u00e9pz\u00e9s eredm\u00e9nyei\u00a0 A k\u00f6zleked\u00e9si \u00e1gazat z\u00f6ld \u00e1t\u00e1ll\u00e1s\u00e1val kapcsolatos alapfogalmak meg\u00e9rt\u00e9se, k\u00fcl\u00f6n\u00f6s tekintettel a v\u00e1rosi logisztik\u00e1ra \u00e9s az utols\u00f3 m\u00e9rf\u00f6ldes \u00e1rusz\u00e1ll\u00edt\u00e1sra. A v\u00e1rosi logisztika \u00e9s az utols\u00f3 m\u00e9rf\u00f6ld\u00f6n t\u00f6rt\u00e9n\u0151 \u00e1rusz\u00e1ll\u00edt\u00e1s z\u00f6ld \u00e1t\u00e1ll\u00e1s\u00e1nak megval\u00f3s\u00edt\u00e1s\u00e1t c\u00e9lz\u00f3 uni\u00f3s szakpolitikai \u00e9s jogszab\u00e1lyi keretrendszer ismerete. A z\u00f6ld \u00e1t\u00e1ll\u00e1s politikai c\u00e9lkit\u0171z\u00e9seinek \u00e9s a z\u00f6ld \u00e1t\u00e1ll\u00e1s v\u00e9grehajt\u00e1si kereteinek kritikai elemz\u00e9se. 1.1. Bevezet\u00e9s A bemutatott dokumentum a COURIERS GO GREEN k\u00e9pz\u00e9si tanfolyam fejleszt\u00e9s\u00e9nek egyik eleme. Az \u201eA\u201d modulhoz tartozik, amely a \u201eKorm\u00e1nyz\u00e1s\u201d, \u00e9s az 1. t\u00e9m\u00e1ra &#8211; \u201eAz Eur\u00f3pai Uni\u00f3 z\u00f6ld v\u00e1roslogisztik\u00e1ra vonatkoz\u00f3 szakpolitikai \u00e9s jogszab\u00e1lyi keretei\u201d &#8211; \u00f6sszpontos\u00edt. Az 1. t\u00e9ma c\u00e9lja a k\u00f6rnyezettudatos \u00e9s az \u00e9ghajlatv\u00e1ltoz\u00e1ssal szemben ellen\u00e1ll\u00f3 v\u00e1rosi logisztika \u00e9s \u00e1rusz\u00e1ll\u00edt\u00e1s alapfogalmainak bemutat\u00e1sa. A t\u00e9mak\u00f6r tov\u00e1bb\u00e1 kit\u00e9r az Eur\u00f3pai Uni\u00f3 strat\u00e9giai priorit\u00e1saira, szakpolitik\u00e1ira \u00e9s jogszab\u00e1lyaira a fenntarthat\u00f3 v\u00e1rosi mobilit\u00e1s \u00e9s sz\u00e1ll\u00edt\u00e1s glob\u00e1lis szintj\u00e9n. Az \u00f3ra sor\u00e1n sz\u00f3 lesz a lehets\u00e9ges kih\u00edv\u00e1sokr\u00f3l \u00e9s korl\u00e1tokr\u00f3l is, amelyeket csoportos megbesz\u00e9l\u00e9sek \u00e9s tapasztalatcsere keret\u00e9ben fogunk megvitatni. Konkr\u00e9tabban, az 1. t\u00e9ma c\u00e9lja a v\u00e1rosi k\u00f6zleked\u00e9s z\u00f6ld v\u00e1lt\u00e1s\u00e1nak k\u00f6z\u00f6s \u00e9rt\u00e9keinek, c\u00e9lkit\u0171z\u00e9seinek \u00e9s priorit\u00e1sainak bemutat\u00e1sa \u00e9s elemz\u00e9se. Emellett \u00e1ttekinti a jelenlegi z\u00f6ld k\u00f6zleked\u00e9spolitikai keretet, \u00e9s a megl\u00e9v\u0151 jogszab\u00e1lyokon \u00e9s szabv\u00e1nyokon kereszt\u00fcl ir\u00e1nymutat\u00e1st ny\u00fajt a z\u00f6ld m\u0171k\u00f6d\u00e9sre vonatkoz\u00f3an. V\u00e9g\u00fcl az oszt\u00e1ly megvitatja az ezzel az \u00e1t\u00e1ll\u00e1ssal kapcsolatos kih\u00edv\u00e1sokat, \u00e9s meghat\u00e1rozza a lehets\u00e9ges megold\u00e1sokat ezek lek\u00fczd\u00e9s\u00e9re. A tanfolyam ezen r\u00e9sz\u00e9nek k\u00edv\u00e1nt tanul\u00e1si eredm\u00e9nyei a k\u00f6zleked\u00e9si \u00e1gazat z\u00f6ld \u00e1t\u00e1ll\u00e1s\u00e1val kapcsolatos alapfogalmak meg\u00e9rt\u00e9se, a v\u00e1rosi logisztik\u00e1ra \u00e9s az utols\u00f3 m\u00e9rf\u00f6ldes \u00e1rusz\u00e1ll\u00edt\u00e1sra \u00f6sszpontos\u00edtva. Tov\u00e1bb\u00e1 a v\u00e1rosi logisztika \u00e9s az utols\u00f3 m\u00e9rf\u00f6ld\u00f6n t\u00f6rt\u00e9n\u0151 \u00e1rusz\u00e1ll\u00edt\u00e1s z\u00f6ld \u00e1t\u00e1ll\u00e1s\u00e1nak megval\u00f3s\u00edt\u00e1s\u00e1ra vonatkoz\u00f3 uni\u00f3s szakpolitikai \u00e9s jogszab\u00e1lyi keret megismer\u00e9se, valamint a z\u00f6ld \u00e1t\u00e1ll\u00e1s politikai c\u00e9lkit\u0171z\u00e9seinek \u00e9s v\u00e9grehajt\u00e1si kereteinek kritikus elemz\u00e9se. 1.2. A v\u00e1rosi logisztika \u00e9s \u00e1rusz\u00e1ll\u00edt\u00e1s z\u00f6ld v\u00e1ltoz\u00e1sa: k\u00f6z\u00f6s nevez\u0151k, c\u00e9lkit\u0171z\u00e9sek \u00e9s priorit\u00e1sok A k\u00f6rnyezetbar\u00e1t v\u00e1rosi logisztika \u00e9s \u00e1rusz\u00e1ll\u00edt\u00e1s ir\u00e1ny\u00e1ba t\u00f6rt\u00e9n\u0151 elmozdul\u00e1s kulcsfontoss\u00e1g\u00fa annak a c\u00e9lnak el\u00e9r\u00e9s\u00e9hez, hogy 2050-re el\u00e9rj\u00fck a nulla kibocs\u00e1t\u00e1s\u00fa \u00fcvegh\u00e1zhat\u00e1s\u00fa g\u00e1zokkal j\u00e1r\u00f3 kl\u00edmasemleges gazdas\u00e1got. Ennek az \u00e1t\u00e1ll\u00e1snak az el\u00e9r\u00e9s\u00e9hez a fenntarthat\u00f3 mobilit\u00e1s el\u0151mozd\u00edt\u00e1s\u00e1ra \u00e9s a k\u00f6zleked\u00e9s k\u00f6rnyezetre gyakorolt negat\u00edv hat\u00e1sainak cs\u00f6kkent\u00e9s\u00e9re, valamint szeml\u00e9letform\u00e1l\u00e1sra, technol\u00f3giai fejleszt\u00e9sekre \u00e9s infrastrukt\u00fara-fejleszt\u00e9sre van sz\u00fcks\u00e9g. Az \u00e1t\u00e1ll\u00e1s el\u0151mozd\u00edt\u00e1s\u00e1ban jelent\u0151s szerep jut az EU \u00e1llampolg\u00e1rinak \u00e9s fogyaszt\u00f3inak, amit az Eur\u00f3pai Bizotts\u00e1g is elismer, emellett hangs\u00falyozza a helyi beruh\u00e1z\u00e1sok \u00e9s a fogyaszt\u00f3k fenntarthat\u00f3 gyakorlatok ir\u00e1nti fokozott elk\u00f6telezetts\u00e9g\u00e9nek sz\u00fcks\u00e9gess\u00e9g\u00e9t. Mindemellett a Bizotts\u00e1g kihangs\u00falyozza az intelligens v\u00e1rostervez\u00e9st, a fenntarthat\u00f3 biogazdas\u00e1g fejleszt\u00e9s\u00e9t \u00e9s a sz\u00e9n-dioxid-nyel\u0151k l\u00e9trehoz\u00e1s\u00e1nak jelent\u0151s\u00e9g\u00e9t az \u00e1tmenet t\u00e1mogat\u00e1sa \u00e9rdek\u00e9ben. Kiemeli tov\u00e1bb\u00e1 az EU elk\u00f6telezetts\u00e9g\u00e9t a glob\u00e1lis egy\u00fcttm\u0171k\u00f6d\u00e9s \u00e9s az \u00e9ghajlatv\u00e1ltoz\u00e1s elleni k\u00f6z\u00f6s fell\u00e9p\u00e9sben bet\u00f6lt\u00f6tt vezet\u0151 szerepet, ebben kiemelve a nemzetk\u00f6zi egy\u00fcttm\u0171k\u00f6d\u00e9sek kialak\u00edt\u00e1s\u00e1t, er\u0151s\u00edt\u00e9s\u00e9t a P\u00e1rizsi Meg\u00e1llapod\u00e1ssal \u00f6sszhangban az \u00fcvegh\u00e1zhat\u00e1s\u00fa g\u00e1zok kibocs\u00e1t\u00e1s\u00e1nak cs\u00f6kkent\u00e9s\u00e9re ir\u00e1nyul\u00f3 komplex c\u00e9lok el\u00e9r\u00e9se \u00e9rdek\u00e9ben. A v\u00e1rosi logisztika \u00e9s az \u00e1rusz\u00e1ll\u00edt\u00e1s k\u00f6rnyezetbar\u00e1t \u00e1talak\u00edt\u00e1sa \u00f6sszhangban van a nulla kibocs\u00e1t\u00e1s\u00fa \u00fcvegh\u00e1zhat\u00e1s\u00fa g\u00e1zokkal j\u00e1r\u00f3 kl\u00edmasemleges gazdas\u00e1gra val\u00f3 \u00e1tt\u00e9r\u00e9s t\u00e1gabb c\u00e9ljaival, hangs\u00falyozva a fenntarthat\u00f3 mobilit\u00e1st, a technol\u00f3giai innov\u00e1ci\u00f3t, a t\u00e1rsadalmi m\u00e9lt\u00e1nyoss\u00e1got \u00e9s a nemzetk\u00f6zi egy\u00fcttm\u0171k\u00f6d\u00e9st. (Eur\u00f3pai Bizotts\u00e1g, 2018) 1.3. Aktu\u00e1lis z\u00f6ld k\u00f6zleked\u00e9spolitikai keretrendszer Az EU ambici\u00f3zus c\u00e9lokat t\u0171z\u00f6tt ki a k\u00f6zleked\u00e9sb\u0151l sz\u00e1rmaz\u00f3 \u00fcvegh\u00e1zhat\u00e1s\u00fag\u00e1z-kibocs\u00e1t\u00e1s 2050-ig t\u00f6rt\u00e9n\u0151, az 1990-es szinthez k\u00e9pest legal\u00e1bb 90%-os cs\u00f6kkent\u00e9s\u00e9re, \u00f6sszhangban az ENSZ fenntarthat\u00f3 fejl\u0151d\u00e9si c\u00e9ljaival \u00e9s a P\u00e1rizsi Meg\u00e1llapod\u00e1ssal. Ennek \u00e9rdek\u00e9ben megalkotja a k\u00fcl\u00f6nb\u00f6z\u0151 szab\u00e1lyoz\u00f3 rendszert, valamint kezdem\u00e9nyez\u00e9seket hajt v\u00e9gre az alacsony sz\u00e9n-dioxid-kibocs\u00e1t\u00e1s\u00fa k\u00f6zleked\u00e9si m\u00f3dok haszn\u00e1lat\u00e1nak el\u0151mozd\u00edt\u00e1sa \u00e9rdek\u00e9ben, p\u00e9ld\u00e1ul a vas\u00fati teherforgalom, a neh\u00e9z teherg\u00e9pj\u00e1rm\u0171vekre vonatkoz\u00f3 CO2-kibocs\u00e1t\u00e1si norm\u00e1k fel\u00fclvizsg\u00e1lat\u00e1val, a multimod\u00e1lis kapcsolatok jav\u00edt\u00e1s\u00e1val, az elektromos \u00e9s hidrog\u00e9n \u00fczemanyagcell\u00e1s j\u00e1rm\u0171vekre val\u00f3 \u00e1t\u00e1ll\u00e1ssal, valamint \u00faj eloszt\u00e1si modellek \u00e9s infrastrukt\u00fara fejleszt\u00e9sekkel. A z\u00f6ld \u00e1tmenetre vonatkoz\u00f3 uni\u00f3s strat\u00e9gi\u00e1kat az eur\u00f3pai z\u00f6ld meg\u00e1llapod\u00e1s, az intelligens \u00e9s fenntarthat\u00f3 mobilit\u00e1si strat\u00e9gia \u00e9s az \u00faj v\u00e1rosi mobilit\u00e1si keretrendszer tartalmazza. Emellett a tag\u00e1llamok nemzeti c\u00e9lokat is kit\u0171ztek a k\u00f6zleked\u00e9sb\u0151l sz\u00e1rmaz\u00f3 k\u00e1rosanyag kibocs\u00e1t\u00e1s cs\u00f6kkent\u00e9s\u00e9re. A dokumentum kiemeli a &#8220;z\u00f6ld&#8221; k\u00f6zleked\u00e9si \u00e9s logisztikai politika v\u00e9grehajt\u00e1s\u00e1nak jelent\u0151s\u00e9g\u00e9t is a fut\u00e1r-, posta- \u00e9s k\u00e9zbes\u00edt\u00e9si szolg\u00e1ltat\u00e1sok hat\u00e9kony \u00e9s fenntarthat\u00f3 m\u0171k\u00f6d\u00e9s\u00e9nek megval\u00f3s\u00edt\u00e1sa \u00e9rdek\u00e9ben. (Fut\u00e1rok z\u00f6ld\u00fcljenek, 2023) A k\u00f6vetkez\u0151 fejezetkben \u00f6sszefoglaljuk a 2018 \u00e9s 2021 k\u00f6z\u00f6tti relev\u00e1ns szakirodalmat. 1.3.1. Eur\u00f3pai Bizotts\u00e1g, Tiszta bolyg\u00f3t mindenkinek &#8211; Eur\u00f3pai hossz\u00fa t\u00e1v\u00fa strat\u00e9giai j\u00f6v\u0151k\u00e9p egy vir\u00e1gz\u00f3, modern, versenyk\u00e9pes \u00e9s kl\u00edmasemleges gazdas\u00e1gr\u00f3l COM (2018) 773 Az Eur\u00f3pai Bizotts\u00e1g a ,,Tiszta bolyg\u00f3t mindenkinek &#8211; Eur\u00f3pai hossz\u00fa t\u00e1v\u00fa strat\u00e9giai j\u00f6v\u0151k\u00e9p egy vir\u00e1gz\u00f3, modern, versenyk\u00e9pes \u00e9s kl\u00edmasemleges gazdas\u00e1gr\u00f3l\u201d c\u00edm\u0171 ir\u00e1nyad\u00f3 dokumentuma foglalja \u00f6ssze az \u00e9ghajlatv\u00e9delmi int\u00e9zked\u00e9sek sz\u00fcks\u00e9gess\u00e9g\u00e9t, hangs\u00falyozva a glob\u00e1lis felmeleged\u00e9s Eur\u00f3p\u00e1ra \u00e9s a vil\u00e1gra gyakorolt s\u00falyos hat\u00e1s\u00e1val. A strat\u00e9gia alapja az \u00e9ghajlatv\u00e1ltoz\u00e1ssal foglalkoz\u00f3 korm\u00e1nyk\u00f6zi munkacsoport (IPCC) jelent\u00e9se, amely szerint az ember okozta glob\u00e1lis felmeleged\u00e9s m\u00e1r el\u00e9rte az iparosod\u00e1s el\u0151tti szinthez k\u00e9pest az 1\u00b0C-ot, \u00e9s \u00e9vtizedenk\u00e9nt k\u00f6r\u00fclbel\u00fcl 0,2\u00b0C-kal n\u00f6vekszik. A dokumentum hangs\u00falyozza, hogy 2050-re \u00e1t kell \u00e1llni a nulla kibocs\u00e1t\u00e1s\u00fa \u00fcveghat\u00e1s\u00fa g\u00e1zokkal j\u00e1r\u00f3 gazdas\u00e1gra, valamint r\u00e1mutat a korl\u00e1tlan \u00e9ghajlatv\u00e1ltoz\u00e1s jelent\u0151s kock\u00e1zataira \u00e9s potenci\u00e1lisan visszaford\u00edthatatlan hat\u00e1saira. A dokumentum hangs\u00falyozza, hogy a megfogalmazott c\u00e9lok el\u00e9r\u00e9se \u00e9rdek\u00e9ben \u00e1tfog\u00f3 \u00e9s t\u00e1rsadalmilag igazs\u00e1gos \u00e1tmenetre van sz\u00fcks\u00e9g, amely figyelembe veszi a gazdas\u00e1g k\u00fcl\u00f6nb\u00f6z\u0151 \u00e1gazataira, az infrastrukt\u00far\u00e1ra, az \u00e9lelmiszertermel\u00e9sre, a eg\u00e9szs\u00e9g\u00fcgyre, a biol\u00f3giai diverzit\u00e1sra \u00e9s a politikai stabilit\u00e1sra gyakorolt hat\u00e1sokat. A dokumentum hangs\u00falyozza tov\u00e1bb\u00e1, hogy az eur\u00f3pai d\u00f6nt\u00e9shoz\u00f3k, a polg\u00e1rok \u00e9s a mag\u00e1nszektor akt\u00edv r\u00e9szv\u00e9tel\u00e9vel hossz\u00fa t\u00e1v\u00fa strat\u00e9giai j\u00f6v\u0151k\u00e9pre van sz\u00fcks\u00e9g ahhoz, hogy 2050-re el\u00e9rj\u00fck az \u00fcvegh\u00e1zhat\u00e1s\u00fa g\u00e1zok nett\u00f3 nulla kibocs\u00e1t\u00e1s\u00e1t. A dokumentum tov\u00e1bb\u00e1 kiemeli az EU elk\u00f6telezetts\u00e9g\u00e9t a glob\u00e1lis \u00e9ghajlat-v\u00e1ltoz\u00e1s elleni fell\u00e9p\u00e9s ir\u00e1ny\u00edt\u00e1sa mellett, amely \u00f6sszhangban van a P\u00e1rizsi Meg\u00e1llapod\u00e1s azon c\u00e9lkit\u0171z\u00e9seivel, hogy a glob\u00e1lis h\u0151m\u00e9rs\u00e9klet-emelked\u00e9st j\u00f3val 2\u00b0C alatt tarts\u00e1k, \u00e9s folytass\u00e1k az 1,5\u00b0C-ra val\u00f3 korl\u00e1toz\u00e1sra ir\u00e1nyul\u00f3 er\u0151fesz\u00edt\u00e9seket. Kiemeli az EU szerep\u00e9t a fenntarthat\u00f3 gazdas\u00e1gi n\u00f6veked\u00e9s \u00f6szt\u00f6nz\u00e9s\u00e9ben, az innov\u00e1ci\u00f3 el\u0151mozd\u00edt\u00e1s\u00e1ban, valamint a nett\u00f3 nulla \u00fcveghat\u00e1s\u00fa g\u00e1z kibocs\u00e1t\u00e1s\u00fa \u00fcvegh\u00e1zhat\u00e1s\u00fa gazdas\u00e1gra val\u00f3 \u00e1tt\u00e9r\u00e9s megval\u00f3s\u00edthat\u00f3s\u00e1g\u00e1nak \u00e9s el\u0151nyeinek bemutat\u00e1s\u00e1ban. A jelent\u00e9s elismeri az EU \u00e1ltal a 2020-ra kit\u0171z\u00f6tt energia- \u00e9s \u00e9ghajlat-v\u00e1ltoz\u00e1si c\u00e9lok fel\u00e9 tett el\u0151rel\u00e9p\u00e9st, ugyanakkor hangs\u00falyozza, hogy az energiahat\u00e9konys\u00e1g jav\u00edt\u00e1s\u00e1ban \u00e9s az \u00fcvegh\u00e1zhat\u00e1s\u00fa g\u00e1zok kibocs\u00e1t\u00e1s\u00e1nak cs\u00f6kkent\u00e9s\u00e9ben a k\u00f6zelm\u00faltban tapasztalt stagn\u00e1l\u00e1s lek\u00fczd\u00e9se kiemelt c\u00e9l. A dokumentum felv\u00e1zolja a nulla kibocs\u00e1t\u00e1s\u00fa \u00fcvegh\u00e1zhat\u00e1s\u00fa g\u00e1zokkal j\u00e1r\u00f3 kl\u00edmasemleges gazdas\u00e1gra val\u00f3 \u00e1tt\u00e9r\u00e9s strat\u00e9giai priorit\u00e1sait \u00e9s int\u00e9zked\u00e9seit, bele\u00e9rtve az energiahat\u00e9konys\u00e1gb\u00f3l sz\u00e1rmaz\u00f3 el\u0151ny\u00f6k maximaliz\u00e1l\u00e1s\u00e1t, a tiszta, biztons\u00e1gos \u00e9s h\u00e1l\u00f3zatba kapcsolt mobilit\u00e1s elterjed\u00e9s\u00e9t, a megfelel\u0151 intelligens h\u00e1l\u00f3zati infrastrukt\u00fara \u00e9s \u00f6sszek\u00f6ttet\u00e9sek fejleszt\u00e9s\u00e9t, valamint a fennmarad\u00f3 CO2-kibocs\u00e1t\u00e1s sz\u00e9n-dioxid-lev\u00e1laszt\u00e1ssal","thumbnail_url":"https:\/\/www.green-courier.eu\/wp-content\/uploads\/2024\/06\/ccg1.png","thumbnail_width":1354,"thumbnail_height":816}